{"id":238,"date":"2020-04-26T15:16:40","date_gmt":"2020-04-26T13:16:40","guid":{"rendered":"https:\/\/hudikbrod.se\/cms\/?page_id=238"},"modified":"2024-11-06T17:11:57","modified_gmt":"2024-11-06T16:11:57","slug":"hudik-sol","status":"publish","type":"page","link":"https:\/\/hudikbrod.se\/?page_id=238","title":{"rendered":"Hudik Sol"},"content":{"rendered":"\n<div class=\"wp-block-columns is-layout-flex wp-container-core-columns-is-layout-9d6595d7 wp-block-columns-is-layout-flex\">\n<div class=\"wp-block-column is-layout-flow wp-block-column-is-layout-flow\" style=\"flex-basis:80%\">\n<div class=\"wp-block-image\"><figure class=\"aligncenter size-large\"><img loading=\"lazy\" decoding=\"async\" width=\"656\" height=\"538\" src=\"https:\/\/hudikbrod.se\/wp-content\/uploads\/2020\/06\/HudikSol02-1.jpg\" alt=\"\" class=\"wp-image-571\" srcset=\"https:\/\/hudikbrod.se\/wp-content\/uploads\/2020\/06\/HudikSol02-1.jpg 656w, https:\/\/hudikbrod.se\/wp-content\/uploads\/2020\/06\/HudikSol02-1-300x246.jpg 300w\" sizes=\"auto, (max-width: 656px) 100vw, 656px\" \/><\/figure><\/div>\n\n\n\n<p>Ett gr\u00f6vre br\u00f6d med mycket fr\u00f6n i. Solrosfr\u00f6na i degen och p\u00e5 ytan och de antydda solstr\u00e5larna p\u00e5 ytan \u00e4r ansvariga f\u00f6r br\u00f6dets namn. Det passar s\u00e4rskilt gott till lite kraftiga p\u00e5l\u00e4gg och till en god soppa.<\/p>\n\n\n\n<h2 class=\"wp-block-heading\">Ingredienser: <\/h2>\n\n\n\n<p>Vatten, stenmalet <strong>vete<\/strong>mj\u00f6l (KRAV) fr\u00e5n Labans kvarn p\u00e5 Gotland, aktiv <strong>r\u00e5g<\/strong>surdeg, fullkorns<strong>r\u00e5g<\/strong>mj\u00f6l (KRAV) fr\u00e5n Labans kvarn p\u00e5 Gotland, solrosfr\u00f6n (eko), linfr\u00f6n (eko), f\u00e4rskt krossad <strong>r\u00e5g<\/strong> (KRAV), salt, j\u00e4st.<br><\/p>\n\n\n\n<p>Fullkorn: 23% + fr\u00f6n<\/p>\n\n\n\n<p>Vikt ca 725g<\/p>\n\n\n\n<p>Pris ca 65 &#8211; 69 kr  (beroende p\u00e5 \u00e5terf\u00f6rs\u00e4ljare) <\/p>\n\n\n\n<p>Bakas <a href=\"https:\/\/hudikbrod.se\/?page_id=255\">en g\u00e5ng i veckan<\/a> och till marknader<\/p>\n\n\n\n<h2 class=\"wp-block-heading\">F\u00e4rskh\u00e5llning och f\u00f6rvaring: <\/h2>\n\n\n\n<p>I br\u00f6dburk\/plastp\u00e5se h\u00e5ller det sig mjukt i \u00f6ver en vecka. Br\u00f6d ska alltid f\u00f6rvaras i rumstemperatur. Tycker du att br\u00f6det b\u00f6rjar bli f\u00f6r fast kan du rosta det. Hudik Sol blir v\u00e4ldigt smakrikt i rosten.<\/p>\n<\/div>\n\n\n\n<div class=\"wp-block-column is-layout-flow wp-block-column-is-layout-flow\" style=\"flex-basis:20%\">\n<p class=\"has-larger-font-size\"><strong>\u00d6versikt<\/strong><\/p>\n\n\n\n<div style=\"height:20px\" aria-hidden=\"true\" class=\"wp-block-spacer\"><\/div>\n\n\n\n<p><strong>Matbr\u00f6d<\/strong><\/p>\n\n\n\n<p><a href=\"https:\/\/hudikbrod.se\/?page_id=233\">Levain<\/a><\/p>\n\n\n\n<p><a href=\"https:\/\/hudikbrod.se\/?page_id=236\">K\u00e4rleksbr\u00f6d<\/a><\/p>\n\n\n\n<p><a href=\"https:\/\/hudikbrod.se\/?page_id=238\">Hudik Sol<\/a><\/p>\n\n\n\n<p><a href=\"https:\/\/hudikbrod.se\/?page_id=240\">Fruktn\u00f6tbr\u00f6d<\/a><\/p>\n\n\n\n<p><a href=\"https:\/\/hudikbrod.se\/?page_id=242\">Valn\u00f6tsbr\u00f6d<\/a><\/p>\n\n\n\n<p><a href=\"https:\/\/hudikbrod.se\/?page_id=244\">G\u00e5rdsbr\u00f6d<\/a><\/p>\n\n\n\n<p><a href=\"https:\/\/hudikbrod.se\/?page_id=246\">Danskt r\u00e5gbr\u00f6d<\/a><\/p>\n\n\n\n<p><a href=\"https:\/\/hudikbrod.se\/?page_id=981\" data-type=\"page\" data-id=\"981\">V\u00e4sterbotting<\/a><\/p>\n\n\n\n<p><a href=\"https:\/\/hudikbrod.se\/?page_id=1235\" data-type=\"page\" data-id=\"1235\">Sommarbr\u00f6d<\/a><\/p>\n\n\n\n<p><a href=\"https:\/\/hudikbrod.se\/?page_id=1568\" data-type=\"page\" data-id=\"1568\">Honungslimpa<\/a><\/p>\n\n\n\n<div style=\"height:40px\" aria-hidden=\"true\" class=\"wp-block-spacer\"><\/div>\n\n\n\n<p><strong>Kaffebr\u00f6d<\/strong><\/p>\n\n\n\n<p><a href=\"https:\/\/hudikbrod.se\/?page_id=583\">Toscakaka<\/a><\/p>\n\n\n\n<p><a href=\"https:\/\/hudikbrod.se\/?page_id=844\">\u00c4ppelpirog<\/a><\/p>\n\n\n\n<p>Honungsmazarin<\/p>\n\n\n\n<div style=\"height:40px\" aria-hidden=\"true\" class=\"wp-block-spacer\"><\/div>\n\n\n\n<p><strong>Glutenfritt<\/strong><\/p>\n\n\n\n<p><a href=\"https:\/\/hudikbrod.se\/?page_id=1216\">Gf solros-fruktbr\u00f6d<\/a><\/p>\n\n\n\n<p><a href=\"https:\/\/hudikbrod.se\/?page_id=1218\">Gf fruktn\u00f6tbr\u00f6d<\/a><\/p>\n\n\n\n<p><a href=\"https:\/\/hudikbrod.se\/?page_id=1221\">Andra glutenfria br\u00f6d<\/a><\/p>\n<\/div>\n<\/div>\n","protected":false},"excerpt":{"rendered":"<p>Ett gr\u00f6vre br\u00f6d med mycket fr\u00f6n i. Solrosfr\u00f6na i degen och p\u00e5 ytan och de antydda solstr\u00e5larna p\u00e5 ytan \u00e4r ansvariga f\u00f6r br\u00f6dets namn. Det passar s\u00e4rskilt gott till lite kraftiga p\u00e5l\u00e4gg och till en god soppa. Ingredienser: Vatten, stenmalet vetemj\u00f6l (KRAV) fr\u00e5n Labans kvarn p\u00e5 Gotland, aktiv r\u00e5gsurdeg, fullkornsr\u00e5gmj\u00f6l (KRAV) fr\u00e5n Labans kvarn p\u00e5 [&hellip;]<\/p>\n","protected":false},"author":1,"featured_media":0,"parent":11,"menu_order":0,"comment_status":"closed","ping_status":"closed","template":"","meta":{"footnotes":""},"class_list":["post-238","page","type-page","status-publish","hentry"],"_links":{"self":[{"href":"https:\/\/hudikbrod.se\/index.php?rest_route=\/wp\/v2\/pages\/238","targetHints":{"allow":["GET"]}}],"collection":[{"href":"https:\/\/hudikbrod.se\/index.php?rest_route=\/wp\/v2\/pages"}],"about":[{"href":"https:\/\/hudikbrod.se\/index.php?rest_route=\/wp\/v2\/types\/page"}],"author":[{"embeddable":true,"href":"https:\/\/hudikbrod.se\/index.php?rest_route=\/wp\/v2\/users\/1"}],"replies":[{"embeddable":true,"href":"https:\/\/hudikbrod.se\/index.php?rest_route=%2Fwp%2Fv2%2Fcomments&post=238"}],"version-history":[{"count":20,"href":"https:\/\/hudikbrod.se\/index.php?rest_route=\/wp\/v2\/pages\/238\/revisions"}],"predecessor-version":[{"id":1586,"href":"https:\/\/hudikbrod.se\/index.php?rest_route=\/wp\/v2\/pages\/238\/revisions\/1586"}],"up":[{"embeddable":true,"href":"https:\/\/hudikbrod.se\/index.php?rest_route=\/wp\/v2\/pages\/11"}],"wp:attachment":[{"href":"https:\/\/hudikbrod.se\/index.php?rest_route=%2Fwp%2Fv2%2Fmedia&parent=238"}],"curies":[{"name":"wp","href":"https:\/\/api.w.org\/{rel}","templated":true}]}}